{"id":1063,"date":"2025-07-12T04:39:09","date_gmt":"2025-07-12T04:39:09","guid":{"rendered":"https:\/\/spadvogados.adv.br\/?page_id=1063"},"modified":"2025-10-15T16:30:21","modified_gmt":"2025-10-15T16:30:21","slug":"nossa-equipe","status":"publish","type":"page","link":"https:\/\/scaramussa.adv.br\/?page_id=1063","title":{"rendered":"Nossa Equipe"},"content":{"rendered":"\t\t<div data-elementor-type=\"wp-page\" data-elementor-id=\"1063\" class=\"elementor elementor-1063\" data-elementor-post-type=\"page\">\n\t\t\t\t<div class=\"elementor-element elementor-element-20ad1cb e-flex e-con-boxed e-con e-parent\" data-id=\"20ad1cb\" data-element_type=\"container\" data-settings=\"{&quot;background_background&quot;:&quot;classic&quot;}\">\n\t\t\t\t\t<div class=\"e-con-inner\">\n\t\t<div class=\"elementor-element elementor-element-7b3a561 e-con-full e-flex e-con e-child\" data-id=\"7b3a561\" data-element_type=\"container\">\n\t\t\t\t<div class=\"elementor-element elementor-element-23b77f4 elementor-widget elementor-widget-heading\" data-id=\"23b77f4\" data-element_type=\"widget\" data-widget_type=\"heading.default\">\n\t\t\t\t<div class=\"elementor-widget-container\">\n\t\t\t\t\t<h1 class=\"elementor-heading-title elementor-size-default\">Nossa Equipe\n<\/h1>\t\t\t\t<\/div>\n\t\t\t\t<\/div>\n\t\t\t\t<div class=\"elementor-element elementor-element-f83b24a elementor-widget elementor-widget-heading\" data-id=\"f83b24a\" data-element_type=\"widget\" data-widget_type=\"heading.default\">\n\t\t\t\t<div class=\"elementor-widget-container\">\n\t\t\t\t\t<h2 class=\"elementor-heading-title elementor-size-default\">Excel\u00eancia, experi\u00eancia e compromisso com o Direito\n\n<\/h2>\t\t\t\t<\/div>\n\t\t\t\t<\/div>\n\t\t\t\t<div class=\"elementor-element elementor-element-e19eda7 elementor-widget elementor-widget-text-editor\" data-id=\"e19eda7\" data-element_type=\"widget\" data-widget_type=\"text-editor.default\">\n\t\t\t\t<div class=\"elementor-widget-container\">\n\t\t\t\t\t\t\t\t\t<p data-start=\"290\" data-end=\"593\">No Scaramussa Advogados, nossa equipe \u00e9 formada por profissionais altamente qualificados, com s\u00f3lida forma\u00e7\u00e3o acad\u00eamica e atua\u00e7\u00e3o reconhecida nas principais \u00e1reas do Direito. Conhe\u00e7a os nomes que constroem, todos os dias, uma advocacia comprometida com \u00e9tica, t\u00e9cnica e resultados.<\/p>\t\t\t\t\t\t\t\t<\/div>\n\t\t\t\t<\/div>\n\t\t\t\t<\/div>\n\t\t\t\t\t<\/div>\n\t\t\t\t<\/div>\n\t\t<div class=\"elementor-element elementor-element-7c72fa7 e-flex e-con-boxed e-con e-parent\" data-id=\"7c72fa7\" data-element_type=\"container\" data-settings=\"{&quot;background_background&quot;:&quot;classic&quot;}\">\n\t\t\t\t\t<div class=\"e-con-inner\">\n\t\t<div class=\"elementor-element elementor-element-ed3b8bc e-con-full e-flex e-con e-child\" data-id=\"ed3b8bc\" data-element_type=\"container\" data-settings=\"{&quot;background_background&quot;:&quot;classic&quot;}\">\n\t\t\t\t<div class=\"elementor-element elementor-element-d4305b2 elementor-widget__width-initial elementor-widget elementor-widget-image\" data-id=\"d4305b2\" data-element_type=\"widget\" data-widget_type=\"image.default\">\n\t\t\t\t<div class=\"elementor-widget-container\">\n\t\t\t\t\t\t\t\t\t\t\t\t\t\t\t<img fetchpriority=\"high\" decoding=\"async\" width=\"750\" height=\"750\" src=\"https:\/\/scaramussa.adv.br\/wp-content\/uploads\/2025\/06\/Prancheta-14.png\" class=\"attachment-large size-large wp-image-1242\" alt=\"\" style=\"width:100%;height:100%;max-width:1081px\" \/>\t\t\t\t\t\t\t\t\t\t\t\t\t\t\t<\/div>\n\t\t\t\t<\/div>\n\t\t\t\t<div class=\"elementor-element elementor-element-3bb9e47 elementor-widget elementor-widget-image\" data-id=\"3bb9e47\" data-element_type=\"widget\" data-widget_type=\"image.default\">\n\t\t\t\t<div class=\"elementor-widget-container\">\n\t\t\t\t\t\t\t\t\t\t\t\t\t\t\t<img decoding=\"async\" src=\"https:\/\/scaramussa.adv.br\/wp-content\/uploads\/2025\/10\/3.png\" title=\"3\" alt=\"3\" loading=\"lazy\" \/>\t\t\t\t\t\t\t\t\t\t\t\t\t\t\t<\/div>\n\t\t\t\t<\/div>\n\t\t\t\t<div class=\"elementor-element elementor-element-8ad04c6 elementor-widget__width-inherit elementor-widget elementor-widget-heading\" data-id=\"8ad04c6\" data-element_type=\"widget\" data-widget_type=\"heading.default\">\n\t\t\t\t<div class=\"elementor-widget-container\">\n\t\t\t\t\t<h3 class=\"elementor-heading-title elementor-size-default\">\u00cdtalo Scaramussa Luz\n<\/h3>\t\t\t\t<\/div>\n\t\t\t\t<\/div>\n\t\t\t\t<div class=\"elementor-element elementor-element-e26c2f7 elementor-widget__width-inherit elementor-widget elementor-widget-heading\" data-id=\"e26c2f7\" data-element_type=\"widget\" data-widget_type=\"heading.default\">\n\t\t\t\t<div class=\"elementor-widget-container\">\n\t\t\t\t\t<h3 class=\"elementor-heading-title elementor-size-default\">S\u00f3cio Fundador\n<\/h3>\t\t\t\t<\/div>\n\t\t\t\t<\/div>\n\t\t\t\t<div class=\"elementor-element elementor-element-cf76481 elementor-widget elementor-widget-text-editor\" data-id=\"cf76481\" data-element_type=\"widget\" data-widget_type=\"text-editor.default\">\n\t\t\t\t<div class=\"elementor-widget-container\">\n\t\t\t\t\t\t\t\t\t<p>Advogado inscrito na OAB\/ES sob o n\u00ba 9.173. Graduado em Direito pela Universidade Federal do Esp\u00edrito Santo (UFES), \u00e9 p\u00f3s-graduado em Processo Civil e possui LL.M em Direito Societ\u00e1rio pela Funda\u00e7\u00e3o Get\u00falio Vargas (FGV). Atua com foco em Direito Empresarial, Planejamento Estrat\u00e9gico e estrutura\u00e7\u00e3o de neg\u00f3cios.<\/p>\t\t\t\t\t\t\t\t<\/div>\n\t\t\t\t<\/div>\n\t\t\t\t<\/div>\n\t\t<div class=\"elementor-element elementor-element-8ee4073 e-con-full e-flex e-con e-child\" data-id=\"8ee4073\" data-element_type=\"container\" data-settings=\"{&quot;background_background&quot;:&quot;classic&quot;}\">\n\t\t\t\t<div class=\"elementor-element elementor-element-01b5550 elementor-widget__width-initial elementor-widget elementor-widget-image\" data-id=\"01b5550\" data-element_type=\"widget\" data-widget_type=\"image.default\">\n\t\t\t\t<div class=\"elementor-widget-container\">\n\t\t\t\t\t\t\t\t\t\t\t\t\t\t\t<img fetchpriority=\"high\" decoding=\"async\" width=\"750\" height=\"750\" src=\"https:\/\/scaramussa.adv.br\/wp-content\/uploads\/2025\/06\/Prancheta-14.png\" class=\"attachment-large size-large wp-image-1242\" alt=\"\" style=\"width:100%;height:100%;max-width:1081px\" \/>\t\t\t\t\t\t\t\t\t\t\t\t\t\t\t<\/div>\n\t\t\t\t<\/div>\n\t\t\t\t<div class=\"elementor-element elementor-element-56b5b1b elementor-widget elementor-widget-image\" data-id=\"56b5b1b\" data-element_type=\"widget\" data-widget_type=\"image.default\">\n\t\t\t\t<div class=\"elementor-widget-container\">\n\t\t\t\t\t\t\t\t\t\t\t\t\t\t\t<img decoding=\"async\" src=\"https:\/\/scaramussa.adv.br\/wp-content\/uploads\/2025\/10\/2.png\" title=\"2\" alt=\"2\" loading=\"lazy\" \/>\t\t\t\t\t\t\t\t\t\t\t\t\t\t\t<\/div>\n\t\t\t\t<\/div>\n\t\t\t\t<div class=\"elementor-element elementor-element-c84cac8 elementor-widget__width-inherit elementor-widget elementor-widget-heading\" data-id=\"c84cac8\" data-element_type=\"widget\" data-widget_type=\"heading.default\">\n\t\t\t\t<div class=\"elementor-widget-container\">\n\t\t\t\t\t<h3 class=\"elementor-heading-title elementor-size-default\">Mariana Scaramussa Nigri do Carmo\n<\/h3>\t\t\t\t<\/div>\n\t\t\t\t<\/div>\n\t\t\t\t<div class=\"elementor-element elementor-element-cb356e0 elementor-widget__width-inherit elementor-widget elementor-widget-heading\" data-id=\"cb356e0\" data-element_type=\"widget\" data-widget_type=\"heading.default\">\n\t\t\t\t<div class=\"elementor-widget-container\">\n\t\t\t\t\t<h3 class=\"elementor-heading-title elementor-size-default\">S\u00f3cia de Servi\u00e7o\n<\/h3>\t\t\t\t<\/div>\n\t\t\t\t<\/div>\n\t\t\t\t<div class=\"elementor-element elementor-element-f99965f elementor-widget elementor-widget-text-editor\" data-id=\"f99965f\" data-element_type=\"widget\" data-widget_type=\"text-editor.default\">\n\t\t\t\t<div class=\"elementor-widget-container\">\n\t\t\t\t\t\t\t\t\t<p data-start=\"1997\" data-end=\"2310\">Advogada inscrita na OAB\/ES sob o n\u00ba 34.629. Graduada pela UFES, \u00e9 p\u00f3s-graduanda em Direito Processual Civil (FDV) e p\u00f3s-graduada em Direito de Fam\u00edlia e Sucess\u00f5es, com especializa\u00e7\u00e3o em Planejamento Sucess\u00f3rio. Atua com dedica\u00e7\u00e3o nas \u00e1reas de Fam\u00edlia, Sucess\u00f5es e estrutura\u00e7\u00e3o patrimonial.<\/p>\t\t\t\t\t\t\t\t<\/div>\n\t\t\t\t<\/div>\n\t\t\t\t<\/div>\n\t\t<div class=\"elementor-element elementor-element-9d7dae2 e-con-full e-flex e-con e-child\" data-id=\"9d7dae2\" data-element_type=\"container\" data-settings=\"{&quot;background_background&quot;:&quot;classic&quot;}\">\n\t\t\t\t<div class=\"elementor-element elementor-element-15e35c9 elementor-widget__width-initial elementor-widget elementor-widget-image\" data-id=\"15e35c9\" data-element_type=\"widget\" data-widget_type=\"image.default\">\n\t\t\t\t<div class=\"elementor-widget-container\">\n\t\t\t\t\t\t\t\t\t\t\t\t\t\t\t<img fetchpriority=\"high\" decoding=\"async\" width=\"750\" height=\"750\" src=\"https:\/\/scaramussa.adv.br\/wp-content\/uploads\/2025\/06\/Prancheta-14.png\" class=\"attachment-large size-large wp-image-1242\" alt=\"\" style=\"width:100%;height:100%;max-width:1081px\" \/>\t\t\t\t\t\t\t\t\t\t\t\t\t\t\t<\/div>\n\t\t\t\t<\/div>\n\t\t\t\t<div class=\"elementor-element elementor-element-42cc402 elementor-widget elementor-widget-image\" data-id=\"42cc402\" data-element_type=\"widget\" data-widget_type=\"image.default\">\n\t\t\t\t<div class=\"elementor-widget-container\">\n\t\t\t\t\t\t\t\t\t\t\t\t\t\t\t<img decoding=\"async\" src=\"https:\/\/scaramussa.adv.br\/wp-content\/uploads\/2025\/10\/1.png\" title=\"1\" alt=\"1\" loading=\"lazy\" \/>\t\t\t\t\t\t\t\t\t\t\t\t\t\t\t<\/div>\n\t\t\t\t<\/div>\n\t\t\t\t<div class=\"elementor-element elementor-element-e3bc84d elementor-widget__width-inherit elementor-widget elementor-widget-heading\" data-id=\"e3bc84d\" data-element_type=\"widget\" data-widget_type=\"heading.default\">\n\t\t\t\t<div class=\"elementor-widget-container\">\n\t\t\t\t\t<h3 class=\"elementor-heading-title elementor-size-default\">Aline Schmittel\n<\/h3>\t\t\t\t<\/div>\n\t\t\t\t<\/div>\n\t\t\t\t<div class=\"elementor-element elementor-element-eb31163 elementor-widget__width-inherit elementor-widget elementor-widget-heading\" data-id=\"eb31163\" data-element_type=\"widget\" data-widget_type=\"heading.default\">\n\t\t\t\t<div class=\"elementor-widget-container\">\n\t\t\t\t\t<h3 class=\"elementor-heading-title elementor-size-default\">S\u00f3cia de Servi\u00e7o\n<\/h3>\t\t\t\t<\/div>\n\t\t\t\t<\/div>\n\t\t\t\t<div class=\"elementor-element elementor-element-9059d73 elementor-widget elementor-widget-text-editor\" data-id=\"9059d73\" data-element_type=\"widget\" data-widget_type=\"text-editor.default\">\n\t\t\t\t<div class=\"elementor-widget-container\">\n\t\t\t\t\t\t\t\t\t<p data-start=\"1343\" data-end=\"1588\">Advogada inscrita na OAB\/ES sob o n\u00ba 17.418. Formada pela UFES e p\u00f3s-graduada em Direito P\u00fablico com \u00eanfase em Direito Penal Substantivo e Processual (FDV). Atua com excel\u00eancia nas \u00e1reas de Direito Penal e Direito P\u00fablico.<\/p>\t\t\t\t\t\t\t\t<\/div>\n\t\t\t\t<\/div>\n\t\t\t\t<\/div>\n\t\t<div class=\"elementor-element elementor-element-58f4e51 e-con-full e-flex e-con e-child\" data-id=\"58f4e51\" data-element_type=\"container\" data-settings=\"{&quot;background_background&quot;:&quot;classic&quot;}\">\n\t\t\t\t<div class=\"elementor-element elementor-element-7aae66c elementor-widget__width-initial elementor-widget elementor-widget-image\" data-id=\"7aae66c\" data-element_type=\"widget\" data-widget_type=\"image.default\">\n\t\t\t\t<div class=\"elementor-widget-container\">\n\t\t\t\t\t\t\t\t\t\t\t\t\t\t\t<img fetchpriority=\"high\" decoding=\"async\" width=\"750\" height=\"750\" src=\"https:\/\/scaramussa.adv.br\/wp-content\/uploads\/2025\/06\/Prancheta-14.png\" class=\"attachment-large size-large wp-image-1242\" alt=\"\" style=\"width:100%;height:100%;max-width:1081px\" \/>\t\t\t\t\t\t\t\t\t\t\t\t\t\t\t<\/div>\n\t\t\t\t<\/div>\n\t\t\t\t<div class=\"elementor-element elementor-element-2e0c489 elementor-widget elementor-widget-image\" data-id=\"2e0c489\" data-element_type=\"widget\" data-widget_type=\"image.default\">\n\t\t\t\t<div class=\"elementor-widget-container\">\n\t\t\t\t\t\t\t\t\t\t\t\t\t\t\t<img decoding=\"async\" src=\"https:\/\/scaramussa.adv.br\/wp-content\/uploads\/2025\/10\/4.png\" title=\"4\" alt=\"4\" loading=\"lazy\" \/>\t\t\t\t\t\t\t\t\t\t\t\t\t\t\t<\/div>\n\t\t\t\t<\/div>\n\t\t\t\t<div class=\"elementor-element elementor-element-2b62721 elementor-widget__width-inherit elementor-widget elementor-widget-heading\" data-id=\"2b62721\" data-element_type=\"widget\" data-widget_type=\"heading.default\">\n\t\t\t\t<div class=\"elementor-widget-container\">\n\t\t\t\t\t<h3 class=\"elementor-heading-title elementor-size-default\">Maik Carvalho\n<\/h3>\t\t\t\t<\/div>\n\t\t\t\t<\/div>\n\t\t\t\t<div class=\"elementor-element elementor-element-b024c7c elementor-widget__width-inherit elementor-widget elementor-widget-heading\" data-id=\"b024c7c\" data-element_type=\"widget\" data-widget_type=\"heading.default\">\n\t\t\t\t<div class=\"elementor-widget-container\">\n\t\t\t\t\t<h3 class=\"elementor-heading-title elementor-size-default\">S\u00f3cio de Servi\u00e7o\n<\/h3>\t\t\t\t<\/div>\n\t\t\t\t<\/div>\n\t\t\t\t<div class=\"elementor-element elementor-element-917b2c1 elementor-widget elementor-widget-text-editor\" data-id=\"917b2c1\" data-element_type=\"widget\" data-widget_type=\"text-editor.default\">\n\t\t\t\t<div class=\"elementor-widget-container\">\n\t\t\t\t\t\t\t\t\t<p data-start=\"1615\" data-end=\"1950\">Advogado inscrito na OAB\/ES sob o n\u00ba 34.730. Graduado pela FDV, \u00e9 mestrando em Direitos e Garantias Fundamentais (FDV), com especializa\u00e7\u00f5es em Direito Tribut\u00e1rio, Direito Processual Civil, Direito Mar\u00edtimo e Portu\u00e1rio, e Planejamento Sucess\u00f3rio. Seu foco de atua\u00e7\u00e3o inclui Direito Tribut\u00e1rio, Civil e Sucess\u00f3rio.<\/p>\t\t\t\t\t\t\t\t<\/div>\n\t\t\t\t<\/div>\n\t\t\t\t<\/div>\n\t\t\t\t\t<\/div>\n\t\t\t\t<\/div>\n\t\t<div class=\"elementor-element elementor-element-ab4b1f3 e-flex e-con-boxed e-con e-parent\" data-id=\"ab4b1f3\" data-element_type=\"container\" data-settings=\"{&quot;background_background&quot;:&quot;classic&quot;}\">\n\t\t\t\t\t<div class=\"e-con-inner\">\n\t\t<div class=\"elementor-element elementor-element-26b319a e-con-full e-flex e-con e-child\" data-id=\"26b319a\" data-element_type=\"container\">\n\t\t\t\t<div class=\"elementor-element elementor-element-f0a031f elementor-widget elementor-widget-heading\" data-id=\"f0a031f\" data-element_type=\"widget\" data-widget_type=\"heading.default\">\n\t\t\t\t<div class=\"elementor-widget-container\">\n\t\t\t\t\t<h1 class=\"elementor-heading-title elementor-size-default\">Atendemos em Todo o Brasil\n<\/h1>\t\t\t\t<\/div>\n\t\t\t\t<\/div>\n\t\t\t\t<div class=\"elementor-element elementor-element-89b61bd elementor-widget elementor-widget-text-editor\" data-id=\"89b61bd\" data-element_type=\"widget\" data-widget_type=\"text-editor.default\">\n\t\t\t\t<div class=\"elementor-widget-container\">\n\t\t\t\t\t\t\t\t\t<p><span style=\"font-weight: 400;\">Com sede no Esp\u00edrito Santo e presen\u00e7a jur\u00eddica em diversos estados, oferecemos solu\u00e7\u00f5es \u00e1geis e escal\u00e1veis para todo o territ\u00f3rio nacional, incluindo S\u00e3o Paulo, Minas Gerais, Rio de Janeiro, Rio Grande do Sul, Goi\u00e1s, Paran\u00e1, Mato Grosso, Par\u00e1 e Pernambuco.<\/span><\/p>\t\t\t\t\t\t\t\t<\/div>\n\t\t\t\t<\/div>\n\t\t\t\t<\/div>\n\t\t<div class=\"elementor-element elementor-element-2dc7699 e-con-full e-flex e-con e-child\" data-id=\"2dc7699\" data-element_type=\"container\">\n\t\t\t\t<div class=\"elementor-element elementor-element-02efd4b elementor-widget elementor-widget-image\" data-id=\"02efd4b\" data-element_type=\"widget\" data-widget_type=\"image.default\">\n\t\t\t\t<div class=\"elementor-widget-container\">\n\t\t\t\t\t\t\t\t\t\t\t\t\t\t\t<img decoding=\"async\" width=\"750\" height=\"750\" src=\"https:\/\/scaramussa.adv.br\/wp-content\/uploads\/2025\/10\/Copia-de-MARQUES-ADVOCACIA-POSTAGENS-2024.png\" class=\"attachment-large size-large wp-image-1277\" alt=\"\" style=\"width:100%;height:100%;max-width:1080px\" \/>\t\t\t\t\t\t\t\t\t\t\t\t\t\t\t<\/div>\n\t\t\t\t<\/div>\n\t\t\t\t<\/div>\n\t\t\t\t\t<\/div>\n\t\t\t\t<\/div>\n\t\t\t\t<\/div>\n\t\t","protected":false},"excerpt":{"rendered":"<p>Nossa Equipe Excel\u00eancia, experi\u00eancia e compromisso com o Direito No Scaramussa Advogados, nossa equipe \u00e9 formada por profissionais altamente qualificados, com s\u00f3lida forma\u00e7\u00e3o acad\u00eamica e atua\u00e7\u00e3o reconhecida nas principais \u00e1reas do Direito. Conhe\u00e7a os nomes que constroem, todos os dias, uma advocacia comprometida com \u00e9tica, t\u00e9cnica e resultados. \u00cdtalo Scaramussa Luz S\u00f3cio Fundador Advogado inscrito&hellip; <a class=\"more-link\" href=\"https:\/\/scaramussa.adv.br\/?page_id=1063\">Continuar lendo <span class=\"screen-reader-text\">Nossa Equipe<\/span><\/a><\/p>\n","protected":false},"author":1,"featured_media":1635,"parent":0,"menu_order":0,"comment_status":"closed","ping_status":"closed","template":"elementor_header_footer","meta":{"footnotes":""},"class_list":["post-1063","page","type-page","status-publish","has-post-thumbnail","hentry","entry"],"yoast_head":"<!-- This site is optimized with the Yoast SEO plugin v26.1.1 - https:\/\/yoast.com\/wordpress\/plugins\/seo\/ -->\n<title>Nossa Equipe | Scaramussa Advogados<\/title>\n<meta name=\"description\" content=\"Conhe\u00e7a a Equipe do Scaramussa Advogados - Escrit\u00f3rio de Advocacia na Serra Dr. Italo Scaramussa Advogado Presidente da OAB Serra\" \/>\n<meta name=\"robots\" content=\"index, follow, max-snippet:-1, max-image-preview:large, max-video-preview:-1\" \/>\n<link rel=\"canonical\" href=\"https:\/\/scaramussa.adv.br\/?page_id=1063\" \/>\n<meta property=\"og:locale\" content=\"pt_BR\" \/>\n<meta property=\"og:type\" content=\"article\" \/>\n<meta property=\"og:title\" content=\"Nossa Equipe | Scaramussa Advogados\" \/>\n<meta property=\"og:description\" content=\"Conhe\u00e7a a Equipe do Scaramussa Advogados - Escrit\u00f3rio de Advocacia na Serra Dr. Italo Scaramussa Advogado Presidente da OAB Serra\" \/>\n<meta property=\"og:url\" content=\"https:\/\/scaramussa.adv.br\/?page_id=1063\" \/>\n<meta property=\"og:site_name\" content=\"Scaramussa Advogados\" \/>\n<meta property=\"article:modified_time\" content=\"2025-10-15T16:30:21+00:00\" \/>\n<meta property=\"og:image\" content=\"https:\/\/scaramussa.adv.br\/wp-content\/uploads\/2025\/10\/REALIZE-SEU-SONHO-AMERICANO-COM-A-300-x-147-px-1366-x-768-px.png\" \/>\n\t<meta property=\"og:image:width\" content=\"1366\" \/>\n\t<meta property=\"og:image:height\" content=\"768\" \/>\n\t<meta property=\"og:image:type\" content=\"image\/png\" \/>\n<meta name=\"twitter:card\" content=\"summary_large_image\" \/>\n<meta name=\"twitter:label1\" content=\"Est. tempo de leitura\" \/>\n\t<meta name=\"twitter:data1\" content=\"4 minutos\" \/>\n<script type=\"application\/ld+json\" class=\"yoast-schema-graph\">{\"@context\":\"https:\/\/schema.org\",\"@graph\":[{\"@type\":\"WebPage\",\"@id\":\"https:\/\/scaramussa.adv.br\/?page_id=1063\",\"url\":\"https:\/\/scaramussa.adv.br\/?page_id=1063\",\"name\":\"Nossa Equipe | Scaramussa Advogados\",\"isPartOf\":{\"@id\":\"https:\/\/scaramussa.adv.br\/#website\"},\"primaryImageOfPage\":{\"@id\":\"https:\/\/scaramussa.adv.br\/?page_id=1063#primaryimage\"},\"image\":{\"@id\":\"https:\/\/scaramussa.adv.br\/?page_id=1063#primaryimage\"},\"thumbnailUrl\":\"https:\/\/scaramussa.adv.br\/wp-content\/uploads\/2025\/10\/REALIZE-SEU-SONHO-AMERICANO-COM-A-300-x-147-px-1366-x-768-px.png\",\"datePublished\":\"2025-07-12T04:39:09+00:00\",\"dateModified\":\"2025-10-15T16:30:21+00:00\",\"description\":\"Conhe\u00e7a a Equipe do Scaramussa Advogados - Escrit\u00f3rio de Advocacia na Serra Dr. Italo Scaramussa Advogado Presidente da OAB Serra\",\"breadcrumb\":{\"@id\":\"https:\/\/scaramussa.adv.br\/?page_id=1063#breadcrumb\"},\"inLanguage\":\"pt-BR\",\"potentialAction\":[{\"@type\":\"ReadAction\",\"target\":[\"https:\/\/scaramussa.adv.br\/?page_id=1063\"]}]},{\"@type\":\"ImageObject\",\"inLanguage\":\"pt-BR\",\"@id\":\"https:\/\/scaramussa.adv.br\/?page_id=1063#primaryimage\",\"url\":\"https:\/\/scaramussa.adv.br\/wp-content\/uploads\/2025\/10\/REALIZE-SEU-SONHO-AMERICANO-COM-A-300-x-147-px-1366-x-768-px.png\",\"contentUrl\":\"https:\/\/scaramussa.adv.br\/wp-content\/uploads\/2025\/10\/REALIZE-SEU-SONHO-AMERICANO-COM-A-300-x-147-px-1366-x-768-px.png\",\"width\":1366,\"height\":768},{\"@type\":\"BreadcrumbList\",\"@id\":\"https:\/\/scaramussa.adv.br\/?page_id=1063#breadcrumb\",\"itemListElement\":[{\"@type\":\"ListItem\",\"position\":1,\"name\":\"In\u00edcio\",\"item\":\"https:\/\/scaramussa.adv.br\/\"},{\"@type\":\"ListItem\",\"position\":2,\"name\":\"Nossa Equipe\"}]},{\"@type\":\"WebSite\",\"@id\":\"https:\/\/scaramussa.adv.br\/#website\",\"url\":\"https:\/\/scaramussa.adv.br\/\",\"name\":\"Scaramussa Advogados\",\"description\":\"Escrit\u00f3rio de Advocacia na Serra\",\"potentialAction\":[{\"@type\":\"SearchAction\",\"target\":{\"@type\":\"EntryPoint\",\"urlTemplate\":\"https:\/\/scaramussa.adv.br\/?s={search_term_string}\"},\"query-input\":{\"@type\":\"PropertyValueSpecification\",\"valueRequired\":true,\"valueName\":\"search_term_string\"}}],\"inLanguage\":\"pt-BR\"}]}<\/script>\n<!-- \/ Yoast SEO plugin. -->","yoast_head_json":{"title":"Nossa Equipe | Scaramussa Advogados","description":"Conhe\u00e7a a Equipe do Scaramussa Advogados - Escrit\u00f3rio de Advocacia na Serra Dr. Italo Scaramussa Advogado Presidente da OAB Serra","robots":{"index":"index","follow":"follow","max-snippet":"max-snippet:-1","max-image-preview":"max-image-preview:large","max-video-preview":"max-video-preview:-1"},"canonical":"https:\/\/scaramussa.adv.br\/?page_id=1063","og_locale":"pt_BR","og_type":"article","og_title":"Nossa Equipe | Scaramussa Advogados","og_description":"Conhe\u00e7a a Equipe do Scaramussa Advogados - Escrit\u00f3rio de Advocacia na Serra Dr. Italo Scaramussa Advogado Presidente da OAB Serra","og_url":"https:\/\/scaramussa.adv.br\/?page_id=1063","og_site_name":"Scaramussa Advogados","article_modified_time":"2025-10-15T16:30:21+00:00","og_image":[{"width":1366,"height":768,"url":"https:\/\/scaramussa.adv.br\/wp-content\/uploads\/2025\/10\/REALIZE-SEU-SONHO-AMERICANO-COM-A-300-x-147-px-1366-x-768-px.png","type":"image\/png"}],"twitter_card":"summary_large_image","twitter_misc":{"Est. tempo de leitura":"4 minutos"},"schema":{"@context":"https:\/\/schema.org","@graph":[{"@type":"WebPage","@id":"https:\/\/scaramussa.adv.br\/?page_id=1063","url":"https:\/\/scaramussa.adv.br\/?page_id=1063","name":"Nossa Equipe | Scaramussa Advogados","isPartOf":{"@id":"https:\/\/scaramussa.adv.br\/#website"},"primaryImageOfPage":{"@id":"https:\/\/scaramussa.adv.br\/?page_id=1063#primaryimage"},"image":{"@id":"https:\/\/scaramussa.adv.br\/?page_id=1063#primaryimage"},"thumbnailUrl":"https:\/\/scaramussa.adv.br\/wp-content\/uploads\/2025\/10\/REALIZE-SEU-SONHO-AMERICANO-COM-A-300-x-147-px-1366-x-768-px.png","datePublished":"2025-07-12T04:39:09+00:00","dateModified":"2025-10-15T16:30:21+00:00","description":"Conhe\u00e7a a Equipe do Scaramussa Advogados - Escrit\u00f3rio de Advocacia na Serra Dr. Italo Scaramussa Advogado Presidente da OAB Serra","breadcrumb":{"@id":"https:\/\/scaramussa.adv.br\/?page_id=1063#breadcrumb"},"inLanguage":"pt-BR","potentialAction":[{"@type":"ReadAction","target":["https:\/\/scaramussa.adv.br\/?page_id=1063"]}]},{"@type":"ImageObject","inLanguage":"pt-BR","@id":"https:\/\/scaramussa.adv.br\/?page_id=1063#primaryimage","url":"https:\/\/scaramussa.adv.br\/wp-content\/uploads\/2025\/10\/REALIZE-SEU-SONHO-AMERICANO-COM-A-300-x-147-px-1366-x-768-px.png","contentUrl":"https:\/\/scaramussa.adv.br\/wp-content\/uploads\/2025\/10\/REALIZE-SEU-SONHO-AMERICANO-COM-A-300-x-147-px-1366-x-768-px.png","width":1366,"height":768},{"@type":"BreadcrumbList","@id":"https:\/\/scaramussa.adv.br\/?page_id=1063#breadcrumb","itemListElement":[{"@type":"ListItem","position":1,"name":"In\u00edcio","item":"https:\/\/scaramussa.adv.br\/"},{"@type":"ListItem","position":2,"name":"Nossa Equipe"}]},{"@type":"WebSite","@id":"https:\/\/scaramussa.adv.br\/#website","url":"https:\/\/scaramussa.adv.br\/","name":"Scaramussa Advogados","description":"Escrit\u00f3rio de Advocacia na Serra","potentialAction":[{"@type":"SearchAction","target":{"@type":"EntryPoint","urlTemplate":"https:\/\/scaramussa.adv.br\/?s={search_term_string}"},"query-input":{"@type":"PropertyValueSpecification","valueRequired":true,"valueName":"search_term_string"}}],"inLanguage":"pt-BR"}]}},"_links":{"self":[{"href":"https:\/\/scaramussa.adv.br\/index.php?rest_route=\/wp\/v2\/pages\/1063","targetHints":{"allow":["GET"]}}],"collection":[{"href":"https:\/\/scaramussa.adv.br\/index.php?rest_route=\/wp\/v2\/pages"}],"about":[{"href":"https:\/\/scaramussa.adv.br\/index.php?rest_route=\/wp\/v2\/types\/page"}],"author":[{"embeddable":true,"href":"https:\/\/scaramussa.adv.br\/index.php?rest_route=\/wp\/v2\/users\/1"}],"replies":[{"embeddable":true,"href":"https:\/\/scaramussa.adv.br\/index.php?rest_route=%2Fwp%2Fv2%2Fcomments&post=1063"}],"version-history":[{"count":40,"href":"https:\/\/scaramussa.adv.br\/index.php?rest_route=\/wp\/v2\/pages\/1063\/revisions"}],"predecessor-version":[{"id":1595,"href":"https:\/\/scaramussa.adv.br\/index.php?rest_route=\/wp\/v2\/pages\/1063\/revisions\/1595"}],"wp:featuredmedia":[{"embeddable":true,"href":"https:\/\/scaramussa.adv.br\/index.php?rest_route=\/wp\/v2\/media\/1635"}],"wp:attachment":[{"href":"https:\/\/scaramussa.adv.br\/index.php?rest_route=%2Fwp%2Fv2%2Fmedia&parent=1063"}],"curies":[{"name":"wp","href":"https:\/\/api.w.org\/{rel}","templated":true}]}}